{"id":3774,"date":"2018-10-30T12:33:25","date_gmt":"2018-10-30T11:33:25","guid":{"rendered":"http:\/\/www.ayuntamiento-losmolinos.es\/?post_type=te_announcements&#038;p=3774"},"modified":"2018-10-30T12:33:25","modified_gmt":"2018-10-30T11:33:25","slug":"las-construcciones-publicas-y-reales-motores-de-la-economia-de-la-villa-el-transporte","status":"publish","type":"te_announcements","link":"https:\/\/www.ayuntamiento-losmolinos.es\/?te_announcements=las-construcciones-publicas-y-reales-motores-de-la-economia-de-la-villa-el-transporte","title":{"rendered":"Las construcciones p\u00fablicas y reales, motores de la econom\u00eda de la Villa. El transporte y Arquitectura"},"content":{"rendered":"<p style=\"text-align: justify;\">El <strong>siglo XVII,<\/strong>supuso una grave crisis para los territorios de Castilla, a medida que la poblaci\u00f3n y riqueza se desplaza hacia la costa, como consecuencia de la importancia del comercio con las colonias americanas y la p\u00e9rdida de peso de la actividad trashumante y lanar que hab\u00eda sido la base de las riquezas de las ciudades castellanas, de las Segovia, pero tambi\u00e9n El Espinar y Pedraza constituyen ejemplos muy cercanos.<\/p>\n<p style=\"text-align: justify;\"><img loading=\"lazy\" decoding=\"async\" class=\" wp-image-5534 alignleft\" src=\"http:\/\/www.ayuntamiento-losmolinos.es\/wp-content\/uploads\/2018\/11\/imagen3464-225x300.jpg\" alt=\"\" width=\"194\" height=\"258\" srcset=\"https:\/\/www.ayuntamiento-losmolinos.es\/wp-content\/uploads\/2018\/11\/imagen3464-225x300.jpg 225w, https:\/\/www.ayuntamiento-losmolinos.es\/wp-content\/uploads\/2018\/11\/imagen3464-110x146.jpg 110w, https:\/\/www.ayuntamiento-losmolinos.es\/wp-content\/uploads\/2018\/11\/imagen3464-38x50.jpg 38w, https:\/\/www.ayuntamiento-losmolinos.es\/wp-content\/uploads\/2018\/11\/imagen3464-56x75.jpg 56w, https:\/\/www.ayuntamiento-losmolinos.es\/wp-content\/uploads\/2018\/11\/imagen3464.jpg 460w\" sizes=\"auto, (max-width: 194px) 100vw, 194px\" \/>El desarrollo de la villa de Los Molinos, el aumento de la poblaci\u00f3n o la despoblaci\u00f3n, y la dedicaci\u00f3n laboral de los vecinos va a venir marcada por su cercan\u00eda a Madrid y a la corte. Por la realizaci\u00f3n de obras p\u00fablicas y palaciegas en la Sierra de Madrid y la propia capital: Palacio de Valsa\u00edn 1551-1562 por Felipe II, destruido por un incendio; El Monasterio de El Escorial\u00a0 1563 \u2013 1584, m\u00e1s de dos d\u00e9cadas; Palacio de la Granja desde 1725; construcci\u00f3n del Palacio Real de Madrid 1738 \u2013 1790; Construcci\u00f3n carretera Puerto de Guadarrama 1749.<\/p>\n<p style=\"text-align: justify;\">As\u00ed los molineros, como el resto de los serranos, se dedicaron a la extracci\u00f3n de la piedra, a la canter\u00eda y al transporte en carretas. A la tala de pinos para la extracci\u00f3n de la madera necesaria en la construcci\u00f3n, a la carpinter\u00eda. Al transporte, en general, de todo lo que necesita una gran poblaci\u00f3n como Madrid, desde hielo extra\u00eddo en alta monta\u00f1a para los palacios a carb\u00f3n. Adem\u00e1s de abastecer a los madrile\u00f1os de alimentos.<\/p>\n<p style=\"text-align: justify;\">Estas tareas ser\u00e1n siempre combinadas con la labranza de la tierra, obteniendo cereales, algo de lino, avena y heno. En verano verduras y frutas en los huertos, que surt\u00edan junto a legumbres secas.<\/p>\n<hr \/>\n<p style=\"text-align: justify;\"><img loading=\"lazy\" decoding=\"async\" class=\" wp-image-5537 alignleft\" src=\"http:\/\/www.ayuntamiento-losmolinos.es\/wp-content\/uploads\/2018\/11\/imagen65465-300x208.jpg\" alt=\"\" width=\"286\" height=\"198\" srcset=\"https:\/\/www.ayuntamiento-losmolinos.es\/wp-content\/uploads\/2018\/11\/imagen65465-300x208.jpg 300w, https:\/\/www.ayuntamiento-losmolinos.es\/wp-content\/uploads\/2018\/11\/imagen65465-211x146.jpg 211w, https:\/\/www.ayuntamiento-losmolinos.es\/wp-content\/uploads\/2018\/11\/imagen65465-50x35.jpg 50w, https:\/\/www.ayuntamiento-losmolinos.es\/wp-content\/uploads\/2018\/11\/imagen65465-108x75.jpg 108w, https:\/\/www.ayuntamiento-losmolinos.es\/wp-content\/uploads\/2018\/11\/imagen65465.jpg 679w\" sizes=\"auto, (max-width: 286px) 100vw, 286px\" \/>El <strong>transporte\u00a0<\/strong>tiene una especial importancia para la villa de Los Molinos. Hacia 1760 hab\u00eda 45 carreteros declarados. La actividad de carreter\u00eda ten\u00eda como consecuencia la existencia de una <strong>importante caba\u00f1a de bueyes\u00a0<\/strong>(entre setenta y ochenta), que requer\u00edan que una buena parte de las tierras se dedicasen a su alimentaci\u00f3n, en detrimento de la superficie labrada. El valor de un buey era de 1.100 reales de vell\u00f3n, una vaca de vientre costaba entre 400 y 500 reales de vell\u00f3n y una casa corriente ascend\u00eda a 2.000 reales de vell\u00f3n<\/p>\n<p style=\"text-align: justify;\">La iglesia ocupaba un papel importante dentro de la vida cotidiana de los molineros. Una serie de organizaciones e instituciones religiosas \u2013 la ermita de San Jos\u00e9, la memoria de la Cera, el Sant\u00edsimo Sacramento, la cofrad\u00eda de las \u00c1nimas, la capellan\u00eda de Majarrodilla, el altar de Nuestra Se\u00f1ora del Rosario, la f\u00e1brica de la iglesia parroquial y el curato de Los Molinos- pose\u00edan un gran poder econ\u00f3mico. Tambi\u00e9n, organizaciones religiosas de otras localidades\u00a0 pr\u00f3ximas como la parroquia de Cercedilla, el convento de El Espinar, el curato de El Espinar y la capilla Villa de Manzanares\u00a0 tambi\u00e9n ten\u00edas propiedades en el t\u00e9rmino de Los Molinos.<\/p>\n<hr \/>\n<p style=\"text-align: justify;\"><img loading=\"lazy\" decoding=\"async\" class=\"size-full wp-image-5540 alignleft\" src=\"http:\/\/www.ayuntamiento-losmolinos.es\/wp-content\/uploads\/2018\/11\/imagen6546665.jpg\" alt=\"\" width=\"107\" height=\"204\" srcset=\"https:\/\/www.ayuntamiento-losmolinos.es\/wp-content\/uploads\/2018\/11\/imagen6546665.jpg 107w, https:\/\/www.ayuntamiento-losmolinos.es\/wp-content\/uploads\/2018\/11\/imagen6546665-77x146.jpg 77w, https:\/\/www.ayuntamiento-losmolinos.es\/wp-content\/uploads\/2018\/11\/imagen6546665-26x50.jpg 26w, https:\/\/www.ayuntamiento-losmolinos.es\/wp-content\/uploads\/2018\/11\/imagen6546665-39x75.jpg 39w\" sizes=\"auto, (max-width: 107px) 100vw, 107px\" \/><span style=\"color: #800000;\"><strong>LA ARQUITECTURA DE LA VILLA DE LOS MOLINOS<\/strong><\/span><\/p>\n<p style=\"text-align: justify;\">En <strong>1.737\u00a0<\/strong>se construye la ermita de San Jos\u00e9, seg\u00fan reza en el dintel de la puerta, pr\u00f3xima al cauce del r\u00edo Guadarrama y al antiguo cementerio.<\/p>\n<p style=\"text-align: justify;\">En 1.749se construye el camino a Guadarrama, para mejorar el transporte de mercanc\u00edas hasta Madrid.<\/p>\n<p style=\"text-align: justify;\">M\u00e1s tarde, en <strong>1.768<\/strong>, la poblaci\u00f3n era de 332 habitantes seg\u00fan el censo de Aranda. En 1786 se realiz\u00f3 el Censo de Floridablanca, llamado as\u00ed en honor al conde de Floridablanca, ministro del Rey Carlos III. La poblaci\u00f3n hab\u00eda crecido notablemente, situ\u00e1ndose en 405 habitantes. Seg\u00fan consta en este censo, Los Molinos pertenec\u00eda en esa \u00e9poca a la intendencia de Guadalajara y al Corregimiento del Real de Manzanares.<\/p>\n<p style=\"text-align: justify;\">Del a\u00f1o <strong>1.793\u00a0<\/strong>se han localizado tres mojones de granito, de metro y medio de alto, en uno de ellos rige la siguiente leyenda: \u00ab<em>Bedado de caza menor. A\u00f1o de 1793&#8243;<\/em>sobre la que aparece inscrita una \u00abR\u00bb tocada con un s\u00edmbolo de la Corona. Estos hitos debieron delimitar un coto de caza reservado a la familia de su majestad Carlos IV. (En la imagen se recoge el moj\u00f3n situado en el cruce de la Estaci\u00f3n).<\/p>\n<ul>\n<li style=\"text-align: center;\"><a href=\"\/wp-content\/uploads\/2018\/11\/16.-Tomo-6.-Mojones.pdf\" target=\"_blank\" rel=\"noopener\"><strong><u>MOJONES. Cap. 6 Cat\u00e1logo Bienes Protegidos<\/u><\/strong><\/a><\/li>\n<\/ul>\n<p style=\"text-align: justify;\">A finales del <strong>S. XVIII\u00a0<\/strong>Los Molinos establece el comercio de hielo con Madrid. Recogido en los neveros de la sierra, el hielo se cortaba y transportaba en bloques.<\/p>\n<p style=\"text-align: justify;\">\u00a0<strong>En 1.799\u00a0<\/strong>el partido de Colmenar Viejo (y con \u00e9l Los Molinos) deja de pertenecer a Guadalajara y se incorpora a Madrid<\/p>\n<hr \/>\n<p style=\"text-align: justify;\"><strong>La Parroquia de la Pur\u00edsima Concepci\u00f3n<\/strong><\/p>\n<p style=\"text-align: justify;\"><img loading=\"lazy\" decoding=\"async\" class=\" wp-image-5530 alignleft\" src=\"http:\/\/www.ayuntamiento-losmolinos.es\/wp-content\/uploads\/2018\/11\/imagen655-300x212.jpg\" alt=\"\" width=\"245\" height=\"173\" srcset=\"https:\/\/www.ayuntamiento-losmolinos.es\/wp-content\/uploads\/2018\/11\/imagen655-300x212.jpg 300w, https:\/\/www.ayuntamiento-losmolinos.es\/wp-content\/uploads\/2018\/11\/imagen655-206x146.jpg 206w, https:\/\/www.ayuntamiento-losmolinos.es\/wp-content\/uploads\/2018\/11\/imagen655-50x35.jpg 50w, https:\/\/www.ayuntamiento-losmolinos.es\/wp-content\/uploads\/2018\/11\/imagen655-106x75.jpg 106w, https:\/\/www.ayuntamiento-losmolinos.es\/wp-content\/uploads\/2018\/11\/imagen655.jpg 585w\" sizes=\"auto, (max-width: 245px) 100vw, 245px\" \/>B\u00f3veda de va\u00edda o pa\u00f1uelo en granito (plumilla de Juli\u00e1n Redondo)<\/p>\n<p style=\"text-align: justify;\">El edificio de la\u00a0<strong>Parroquia de la Pur\u00edsima Concepci\u00f3n\u00a0<\/strong>data de 1570, dentro del estilo Renacentista, con reminiscencias escurialenses, de una sola nave. En el exterior, al mediod\u00eda, hay un atrio con columnas toscanas. La reja de forja de la puerta principal se\u00f1ala el 1768.<\/p>\n<p style=\"text-align: justify;\">Destaca su b\u00f3veda central de granito, llamada de vaida o pa\u00f1uelo.<\/p>\n<p style=\"text-align: justify;\">El retablo proviene de un convento de Medina de Campo, del siglo XVII, fue adquirido y trasladado a Los Molinos en 1942. Es de madera dorada y policromada, recompuesto con elementos de diferentes \u00e9pocas.\u00a0 Actualmente consta de dos cuerpos divididos en tres calles y \u00e1tico. Cuatro columnas j\u00f3nicas con fustes decorados con relieves, apoyan en m\u00e9nsulas en el banco, donde vemos dos pinturas al \u00f3leo sobre tabla. <img loading=\"lazy\" decoding=\"async\" class=\"size-medium wp-image-5529 alignright\" src=\"http:\/\/www.ayuntamiento-losmolinos.es\/wp-content\/uploads\/2018\/11\/imagen54-300x175.jpg\" alt=\"\" width=\"300\" height=\"175\" srcset=\"https:\/\/www.ayuntamiento-losmolinos.es\/wp-content\/uploads\/2018\/11\/imagen54-300x175.jpg 300w, https:\/\/www.ayuntamiento-losmolinos.es\/wp-content\/uploads\/2018\/11\/imagen54-251x146.jpg 251w, https:\/\/www.ayuntamiento-losmolinos.es\/wp-content\/uploads\/2018\/11\/imagen54-50x29.jpg 50w, https:\/\/www.ayuntamiento-losmolinos.es\/wp-content\/uploads\/2018\/11\/imagen54-129x75.jpg 129w, https:\/\/www.ayuntamiento-losmolinos.es\/wp-content\/uploads\/2018\/11\/imagen54.jpg 721w\" sizes=\"auto, (max-width: 300px) 100vw, 300px\" \/>Entre sus elementos m\u00e1s antiguos y m\u00e1s valiosos, art\u00edsticamente hablando, se encuentran estas <strong>dos tablas\u00a0<\/strong>situadas en la parte m\u00e1s baja del retablo, y que normalmente no se aprecian bien por su peque\u00f1o tama\u00f1o y por los diversos ornamentos que decoran el altar. Se trata de dos tablas renacentistas del siglo XVI que representan La Sagrada Familia y San Jer\u00f3nimo.<\/p>\n<p style=\"text-align: justify;\">En las calles laterales del primer cuerpo aparecen dos esculturas de bulto redondo mientras que el segundo cuerpo se decora con tablas al \u00f3leo.<\/p>\n<p style=\"text-align: justify;\"><a href=\"http:\/\/www.ayuntamiento-losmolinos.es\/?attachment_id=5532\"><img loading=\"lazy\" decoding=\"async\" class=\"alignleft wp-image-5532\" src=\"http:\/\/www.ayuntamiento-losmolinos.es\/wp-content\/uploads\/2018\/11\/imagen02846-237x300.jpg\" alt=\"\" width=\"158\" height=\"200\" srcset=\"https:\/\/www.ayuntamiento-losmolinos.es\/wp-content\/uploads\/2018\/11\/imagen02846-237x300.jpg 237w, https:\/\/www.ayuntamiento-losmolinos.es\/wp-content\/uploads\/2018\/11\/imagen02846-116x146.jpg 116w, https:\/\/www.ayuntamiento-losmolinos.es\/wp-content\/uploads\/2018\/11\/imagen02846-40x50.jpg 40w, https:\/\/www.ayuntamiento-losmolinos.es\/wp-content\/uploads\/2018\/11\/imagen02846-59x75.jpg 59w, https:\/\/www.ayuntamiento-losmolinos.es\/wp-content\/uploads\/2018\/11\/imagen02846.jpg 642w\" sizes=\"auto, (max-width: 158px) 100vw, 158px\" \/><\/a>Planta de cruz latina, con atrio en la puerta principal.(El Real de Manzanares L.A. Vacas Rdguez.)<\/p>\n<p style=\"text-align: justify;\">La hornacina central aparece flanqueada entre est\u00edpites profusamente decorados y sobre ella otra hornacina peque\u00f1a.<\/p>\n<p style=\"text-align: justify;\">En el \u00e1tico vemos el grupo del Calvario y en los extremos dos \u00e1ngeles. Todas estas esculturas\u00a0 pertenecen a la escuela barroca castellana del siglo XVII.<\/p>\n<p style=\"text-align: justify;\">En las calles laterales, s. XVI, del primer cuerpo vemos las tallas de Santa Clara en el lado izquierdo y San Francisco de As\u00eds en el derecho. En los relieves que figuran en la parte inferior de las columnas interiores est\u00e1n representadas\u00a0 La Anunciaci\u00f3n y La Visitaci\u00f3n, mientras que las de los extremos se decoran con espejos. En el segundo cuerpo, las tablas del Bautismo de Cristo en el lado izquierdo y Pentecost\u00e9s en el derecho.<\/p>\n<p style=\"text-align: justify;\"><img loading=\"lazy\" decoding=\"async\" class=\"wp-image-5539 alignright\" src=\"http:\/\/www.ayuntamiento-losmolinos.es\/wp-content\/uploads\/2018\/11\/imagen6543465-235x300.jpg\" alt=\"\" width=\"196\" height=\"250\" srcset=\"https:\/\/www.ayuntamiento-losmolinos.es\/wp-content\/uploads\/2018\/11\/imagen6543465-235x300.jpg 235w, https:\/\/www.ayuntamiento-losmolinos.es\/wp-content\/uploads\/2018\/11\/imagen6543465-115x146.jpg 115w, https:\/\/www.ayuntamiento-losmolinos.es\/wp-content\/uploads\/2018\/11\/imagen6543465-39x50.jpg 39w, https:\/\/www.ayuntamiento-losmolinos.es\/wp-content\/uploads\/2018\/11\/imagen6543465-59x75.jpg 59w, https:\/\/www.ayuntamiento-losmolinos.es\/wp-content\/uploads\/2018\/11\/imagen6543465.jpg 448w\" sizes=\"auto, (max-width: 196px) 100vw, 196px\" \/>La calle central es barroca, de la escuela castellana del s. XVIII. Las calles laterales, tambi\u00e9n barrocas pero del s XVII.<\/p>\n<p style=\"text-align: justify;\">El retablo perdi\u00f3 la decoraci\u00f3n de la calle central siendo sustituida por im\u00e1genes contempor\u00e1neas de Granda, gran escultor madrile\u00f1o de mediados del s. XX, al que pertenecen la Inmaculada concepci\u00f3n, as\u00ed como el San Sebasti\u00e1n, Sagrado Coraz\u00f3n y el Cristo de la buena Muerte, estas \u00faltimas en el crucero.<\/p>\n<p style=\"text-align: justify;\">En los a\u00f1os 30-40, el altar estaba bordeado por una barandilla elaborada en plata y lat\u00f3n fue realizada en la F\u00e1brica de Metalurgia del Bar\u00f3n del Castillo de Chirel en Los Molinos y permaneci\u00f3 hasta finalesde los a\u00f1os\u00a0 50.<\/p>\n<p style=\"text-align: justify;\">La <strong>l\u00e1mpara de forja\u00a0<\/strong>fue dise\u00f1ada por el arquitecto afincado en Los Molinos D. Luis Rodr\u00edguez Quevedo en la d\u00e9cada de los 40\u00a0 y realizada en una fragua del\u00a0 municipio.<\/p>\n<p style=\"text-align: justify;\">En los \u00faltimos a\u00f1os se han a\u00f1adido otros <strong>elementos decorativos en el interior<\/strong>. Esculturas, vidrieras, l\u00e1mparas.<\/p>\n<p style=\"text-align: justify;\"><img loading=\"lazy\" decoding=\"async\" class=\" wp-image-5538 alignleft\" src=\"http:\/\/www.ayuntamiento-losmolinos.es\/wp-content\/uploads\/2018\/11\/imagen654666-232x300.jpg\" alt=\"\" width=\"143\" height=\"185\" srcset=\"https:\/\/www.ayuntamiento-losmolinos.es\/wp-content\/uploads\/2018\/11\/imagen654666-232x300.jpg 232w, https:\/\/www.ayuntamiento-losmolinos.es\/wp-content\/uploads\/2018\/11\/imagen654666-113x146.jpg 113w, https:\/\/www.ayuntamiento-losmolinos.es\/wp-content\/uploads\/2018\/11\/imagen654666-39x50.jpg 39w, https:\/\/www.ayuntamiento-losmolinos.es\/wp-content\/uploads\/2018\/11\/imagen654666-58x75.jpg 58w, https:\/\/www.ayuntamiento-losmolinos.es\/wp-content\/uploads\/2018\/11\/imagen654666.jpg 400w\" sizes=\"auto, (max-width: 143px) 100vw, 143px\" \/>El campanario es de espada\u00f1a, no muy corriente en los pueblos serranos que suelen ser de torre. Actualmente m\u00e1s esbelto y ligero sin los contrafuertes que lo sujetaban por detr\u00e1s.<\/p>\n<p style=\"text-align: justify;\">En el campanario, en un principio, hab\u00eda tres campanas\u00a0 de unos 70 kilogramos,\u00a0 cada una con yugo met\u00e1lico y rodamiento de bolas colocada en campanilo. En 1940 se colocaron dos campanas, que trajeron del Cuartel de la Maestranza Pac\u00edfico de Madrid.<\/p>\n<p style=\"text-align: justify;\">En los a\u00f1os 90 del s. XX se mecanizaron unas campanas de nueva factura.<\/p>\n<hr \/>\n<p style=\"text-align: justify; padding-left: 30px;\"><a href=\"\/wp-content\/uploads\/2018\/11\/18.-ANTORCHA-PARROQUIA-1962.pdf\" target=\"_blank\" rel=\"noopener\"><strong><u>Antorcha Navidad 1962<\/u><\/strong><\/a><\/p>\n<p style=\"text-align: justify;\">VECINDARIO<\/p>\n<p style=\"text-align: justify;\"><img loading=\"lazy\" decoding=\"async\" class=\"size-medium wp-image-5536 alignleft\" src=\"http:\/\/www.ayuntamiento-losmolinos.es\/wp-content\/uploads\/2018\/11\/imagen54666-300x158.jpg\" alt=\"\" width=\"300\" height=\"158\" srcset=\"https:\/\/www.ayuntamiento-losmolinos.es\/wp-content\/uploads\/2018\/11\/imagen54666-300x158.jpg 300w, https:\/\/www.ayuntamiento-losmolinos.es\/wp-content\/uploads\/2018\/11\/imagen54666-260x137.jpg 260w, https:\/\/www.ayuntamiento-losmolinos.es\/wp-content\/uploads\/2018\/11\/imagen54666-50x26.jpg 50w, https:\/\/www.ayuntamiento-losmolinos.es\/wp-content\/uploads\/2018\/11\/imagen54666-142x75.jpg 142w, https:\/\/www.ayuntamiento-losmolinos.es\/wp-content\/uploads\/2018\/11\/imagen54666.jpg 642w\" sizes=\"auto, (max-width: 300px) 100vw, 300px\" \/>Las casas de los vecinos de Los Molinos en el s. XVIII eran en su mayor\u00eda de una planta, con escasos vanos, suelos de tierra pisada y teja roja. El\u00a0 gallinero, cuadra, almac\u00e9n\u00a0 y corral\u00a0 estaban\u00a0 adosados al edificio principal. Una o dos habitaciones se calentaban con una chimenea alimentada con le\u00f1a, donde tambi\u00e9n se hac\u00eda la comida. No ten\u00eda agua corriente ni tampoco luz el\u00e9ctrica<\/p>\n<p style=\"text-align: justify;\">Se conservan algunas casas construidas a finales del s. XVIII\u00a0 y principios del XI. Son las casas de mejor factura, de dos pisos, de mamposter\u00eda de piedra, muchas con dinteles datados, las ventanas son m\u00e1s amplias. Destacan entre otras construcciones el Corral\u00f3n en la calle Herrenzuela 16 y 18, casa de la calle Bodega, 10; en la C\/ Real n\u00fameros 50, 24, 23, \u00a0en la Calle Vistillas, 20, en la Pza. de Juan Rubio, 6,\u00a0 la\u00a0 Posada en la calle Posada 10\u00a0\u00a0\u00a0 y la Capilla de San Jos\u00e9 y en la Pza de Espa\u00f1a n\u00bas 3y\u00a0 10<\/p>\n<p style=\"text-align: justify;\">Se puede recorrer el centro urbano con la\u00a0 <strong><u>\u00a0<a href=\"\/wp-content\/uploads\/2018\/11\/17.-RUTA-1667.pdf\" target=\"_blank\" rel=\"noopener\">Ruta 1667 (18)<\/a><\/u>\u00a0<\/strong>y ver estos edificios.<\/p>\n","protected":false},"parent":0,"template":"","class_list":["post-3774","te_announcements","type-te_announcements","status-publish","hentry"],"announcement_date":"Announcement Date: 11 de enero de 1001","announcement_image":false,"_links":{"self":[{"href":"https:\/\/www.ayuntamiento-losmolinos.es\/index.php?rest_route=\/wp\/v2\/announcement\/3774","targetHints":{"allow":["GET"]}}],"collection":[{"href":"https:\/\/www.ayuntamiento-losmolinos.es\/index.php?rest_route=\/wp\/v2\/announcement"}],"about":[{"href":"https:\/\/www.ayuntamiento-losmolinos.es\/index.php?rest_route=\/wp\/v2\/types\/te_announcements"}],"wp:attachment":[{"href":"https:\/\/www.ayuntamiento-losmolinos.es\/index.php?rest_route=%2Fwp%2Fv2%2Fmedia&parent=3774"}],"curies":[{"name":"wp","href":"https:\/\/api.w.org\/{rel}","templated":true}]}}