{"id":36662,"date":"2024-06-12T13:15:10","date_gmt":"2024-06-12T11:15:10","guid":{"rendered":"https:\/\/pruebas.ayuntamiento-losmolinos.es\/?page_id=36662"},"modified":"2025-09-23T12:27:01","modified_gmt":"2025-09-23T10:27:01","slug":"cultura","status":"publish","type":"page","link":"https:\/\/www.ayuntamiento-losmolinos.es\/?page_id=36662","title":{"rendered":"Cultura"},"content":{"rendered":"\n<!-- PRESSVILLE POSTS : begin -->\n<section class=\"lsvr-pressville-post-grid lsvr-pressville-post-grid--posts lsvr-pressville-post-grid--layout-title-top lsvr-pressville-post-grid--has-slider lsvr-pressville-post-grid--dark-bg\"\n    >\n    <div class=\"lsvr-pressville-post-grid__inner\">\n        <div class=\"lsvr-container\">\n            <div class=\"lsvr-pressville-post-grid__content\">\n\n                \n                    <header class=\"lsvr-pressville-post-grid__header\">\n\n                        \n                            <h2 class=\"lsvr-pressville-post-grid__title\">Cultura<\/h2>\n\n                        \n                        \n                        \n                        \n                            <span class=\"icon-newspaper-o lsvr-pressville-post-grid__icon\" aria-hidden=\"true\"><\/span>\n\n                        \n                    <\/header>\n\n                \n                \n                    <div class=\"lsvr-pressville-post-grid__list-wrapper\">\n\n                        <div class=\"lsvr-grid lsvr-grid--4-cols lsvr-grid--md-2-cols lsvr-grid--sm-2-cols lsvr-pressville-post-grid__list lsvr-pressville-post-grid__list--6-items lsvr-pressville-post-grid--slider lsvr-pressville-post-grid__list--loading\"\n                            data-columns-count=\"4\">\n\n                            \n                                <div class=\"lsvr-grid__col lsvr-grid__col--span-3 lsvr-grid__col--md-span-6 lsvr-grid__col--sm-span-6 lsvr-pressville-post-grid__item\">\n\n                                    <article class=\"lsvr-pressville-post-grid__post post-40074 post type-post status-publish format-standard has-post-thumbnail hentry category-actualidad category-cultura tag-1470 tag-actividades tag-ayuntamiento tag-cultura tag-los-molinos tag-restauracion tag-taller\"                                         style=\"background-image: url( https:\/\/www.ayuntamiento-losmolinos.es\/wp-content\/uploads\/2026\/04\/TALLER-DE-RESTAURACION-2026.jpg );\">\n                                        <div class=\"lsvr-pressville-post-grid__post-inner\">\n                                            <div class=\"lsvr-pressville-post-grid__post-bg\">\n\n                                                <div class=\"lsvr-pressville-post-grid__post-content\">\n\n                                                    <h3 class=\"lsvr-pressville-post-grid__post-title\">\n                                                        <a href=\"https:\/\/www.ayuntamiento-losmolinos.es\/?p=40074\" class=\"lsvr-pressville-post-grid__post-title-link\" rel=\"bookmark\">El Ayuntamiento de Los Molinos organiza un taller de restauraci\u00f3n de peque\u00f1os muebles<\/a>\n                                                    <\/h3>\n\n                                                    <p class=\"lsvr-pressville-post-grid__post-meta\">\n\n                                                        <span class=\"lsvr-pressville-post-grid__post-meta-date\" role=\"group\">28 de abril de 2026<\/span>\n\n                                                        \n                                                            <span class=\"lsvr-pressville-post-grid__post-meta-categories\" role=\"group\">\n\t\t\t<span class=\"post__categories\">\n\t\t\t\tin <a href=\"https:\/\/www.ayuntamiento-losmolinos.es\/?cat=3\" class=\"post__category-link\">Actualidad<\/a>\t\t\t<\/span>\n\n\t\t<\/span>\n\n                                                        \n                                                    <\/p>\n\n                                                <\/div>\n\n                                                <a href=\"https:\/\/www.ayuntamiento-losmolinos.es\/?p=40074\" class=\"lsvr-pressville-post-grid__post-overlay-link\">\n                                                    <span class=\"screen-reader-text\">More<\/span>\n                                                <\/a>\n\n                                            <\/div>\n                                        <\/div>\n                                    <\/article>\n\n                                <\/div>\n\n                            \n                                <div class=\"lsvr-grid__col lsvr-grid__col--span-3 lsvr-grid__col--md-span-6 lsvr-grid__col--sm-span-6 lsvr-pressville-post-grid__item\">\n\n                                    <article class=\"lsvr-pressville-post-grid__post post-40068 post type-post status-publish format-standard has-post-thumbnail hentry category-actualidad category-cultura category-medio-ambiente category-turismo tag-1470 tag-actividades tag-ayuntamiento tag-cambrono tag-cultura tag-festival tag-los-molinos tag-tejiendo\"                                         style=\"background-image: url( https:\/\/www.ayuntamiento-losmolinos.es\/wp-content\/uploads\/2026\/04\/TEJIENDO07.jpg );\">\n                                        <div class=\"lsvr-pressville-post-grid__post-inner\">\n                                            <div class=\"lsvr-pressville-post-grid__post-bg\">\n\n                                                <div class=\"lsvr-pressville-post-grid__post-content\">\n\n                                                    <h3 class=\"lsvr-pressville-post-grid__post-title\">\n                                                        <a href=\"https:\/\/www.ayuntamiento-losmolinos.es\/?p=40068\" class=\"lsvr-pressville-post-grid__post-title-link\" rel=\"bookmark\">Tejiendo Los Molinos<\/a>\n                                                    <\/h3>\n\n                                                    <p class=\"lsvr-pressville-post-grid__post-meta\">\n\n                                                        <span class=\"lsvr-pressville-post-grid__post-meta-date\" role=\"group\">28 de abril de 2026<\/span>\n\n                                                        \n                                                            <span class=\"lsvr-pressville-post-grid__post-meta-categories\" role=\"group\">\n\t\t\t<span class=\"post__categories\">\n\t\t\t\tin <a href=\"https:\/\/www.ayuntamiento-losmolinos.es\/?cat=3\" class=\"post__category-link\">Actualidad<\/a>\t\t\t<\/span>\n\n\t\t<\/span>\n\n                                                        \n                                                    <\/p>\n\n                                                <\/div>\n\n                                                <a href=\"https:\/\/www.ayuntamiento-losmolinos.es\/?p=40068\" class=\"lsvr-pressville-post-grid__post-overlay-link\">\n                                                    <span class=\"screen-reader-text\">More<\/span>\n                                                <\/a>\n\n                                            <\/div>\n                                        <\/div>\n                                    <\/article>\n\n                                <\/div>\n\n                            \n                                <div class=\"lsvr-grid__col lsvr-grid__col--span-3 lsvr-grid__col--md-span-6 lsvr-grid__col--sm-span-6 lsvr-pressville-post-grid__item\">\n\n                                    <article class=\"lsvr-pressville-post-grid__post post-40016 post type-post status-publish format-standard has-post-thumbnail hentry category-actualidad category-comunicacion category-cultura category-deportes category-desarrollo category-educacion category-empleo category-familia category-juventud category-medio-ambiente category-medio-ambiente-2 category-salud category-seguridad category-transparencia tag-1470 tag-actividades tag-ayuntamiento tag-campamentos tag-los-molinos tag-urbanos\"                                         style=\"background-image: url( https:\/\/www.ayuntamiento-losmolinos.es\/wp-content\/uploads\/2026\/04\/Campamentos-Urbanos-2026-Titulo.png );\">\n                                        <div class=\"lsvr-pressville-post-grid__post-inner\">\n                                            <div class=\"lsvr-pressville-post-grid__post-bg\">\n\n                                                <div class=\"lsvr-pressville-post-grid__post-content\">\n\n                                                    <h3 class=\"lsvr-pressville-post-grid__post-title\">\n                                                        <a href=\"https:\/\/www.ayuntamiento-losmolinos.es\/?p=40016\" class=\"lsvr-pressville-post-grid__post-title-link\" rel=\"bookmark\">Campamentos Urbanos 2026<\/a>\n                                                    <\/h3>\n\n                                                    <p class=\"lsvr-pressville-post-grid__post-meta\">\n\n                                                        <span class=\"lsvr-pressville-post-grid__post-meta-date\" role=\"group\">22 de abril de 2026<\/span>\n\n                                                        \n                                                            <span class=\"lsvr-pressville-post-grid__post-meta-categories\" role=\"group\">\n\t\t\t<span class=\"post__categories\">\n\t\t\t\tin <a href=\"https:\/\/www.ayuntamiento-losmolinos.es\/?cat=3\" class=\"post__category-link\">Actualidad<\/a>\t\t\t<\/span>\n\n\t\t<\/span>\n\n                                                        \n                                                    <\/p>\n\n                                                <\/div>\n\n                                                <a href=\"https:\/\/www.ayuntamiento-losmolinos.es\/?p=40016\" class=\"lsvr-pressville-post-grid__post-overlay-link\">\n                                                    <span class=\"screen-reader-text\">More<\/span>\n                                                <\/a>\n\n                                            <\/div>\n                                        <\/div>\n                                    <\/article>\n\n                                <\/div>\n\n                            \n                                <div class=\"lsvr-grid__col lsvr-grid__col--span-3 lsvr-grid__col--md-span-6 lsvr-grid__col--sm-span-6 lsvr-pressville-post-grid__item\">\n\n                                    <article class=\"lsvr-pressville-post-grid__post post-39912 post type-post status-publish format-standard has-post-thumbnail hentry category-actualidad category-biblioteca category-casa-museo-julio-escobar category-comunicacion category-cultura category-deportes category-desarrollo category-educacion category-empleo category-escuela-municipal-de-musica-y-danza category-familia category-festejos category-juventud category-mayores category-medio-ambiente category-medio-ambiente-2 category-obras-y-servicios category-salud category-seguridad category-servicios-sociales category-transparencia category-turismo tag-1470 tag-actividades tag-ayuntamiento tag-cambrono tag-festival tag-los-molinos\"                                         style=\"background-image: url( https:\/\/www.ayuntamiento-losmolinos.es\/wp-content\/uploads\/2026\/03\/PORTADA_CAMBRONO2026.jpg );\">\n                                        <div class=\"lsvr-pressville-post-grid__post-inner\">\n                                            <div class=\"lsvr-pressville-post-grid__post-bg\">\n\n                                                <div class=\"lsvr-pressville-post-grid__post-content\">\n\n                                                    <h3 class=\"lsvr-pressville-post-grid__post-title\">\n                                                        <a href=\"https:\/\/www.ayuntamiento-losmolinos.es\/?p=39912\" class=\"lsvr-pressville-post-grid__post-title-link\" rel=\"bookmark\">Festival del Cambro\u00f1o 2026<\/a>\n                                                    <\/h3>\n\n                                                    <p class=\"lsvr-pressville-post-grid__post-meta\">\n\n                                                        <span class=\"lsvr-pressville-post-grid__post-meta-date\" role=\"group\">27 de marzo de 2026<\/span>\n\n                                                        \n                                                            <span class=\"lsvr-pressville-post-grid__post-meta-categories\" role=\"group\">\n\t\t\t<span class=\"post__categories\">\n\t\t\t\tin <a href=\"https:\/\/www.ayuntamiento-losmolinos.es\/?cat=3\" class=\"post__category-link\">Actualidad<\/a>\t\t\t<\/span>\n\n\t\t<\/span>\n\n                                                        \n                                                    <\/p>\n\n                                                <\/div>\n\n                                                <a href=\"https:\/\/www.ayuntamiento-losmolinos.es\/?p=39912\" class=\"lsvr-pressville-post-grid__post-overlay-link\">\n                                                    <span class=\"screen-reader-text\">More<\/span>\n                                                <\/a>\n\n                                            <\/div>\n                                        <\/div>\n                                    <\/article>\n\n                                <\/div>\n\n                            \n                                <div class=\"lsvr-grid__col lsvr-grid__col--span-3 lsvr-grid__col--md-span-6 lsvr-grid__col--sm-span-6 lsvr-pressville-post-grid__item\">\n\n                                    <article class=\"lsvr-pressville-post-grid__post post-39906 post type-post status-publish format-standard has-post-thumbnail hentry category-actualidad category-comunicacion category-cultura category-festejos category-transparencia tag-1470 tag-actividades tag-ayuntamiento tag-los-molinos tag-semana-santa\"                                         style=\"background-image: url( https:\/\/www.ayuntamiento-losmolinos.es\/wp-content\/uploads\/2026\/03\/SEMANA-SANTA-2026.png );\">\n                                        <div class=\"lsvr-pressville-post-grid__post-inner\">\n                                            <div class=\"lsvr-pressville-post-grid__post-bg\">\n\n                                                <div class=\"lsvr-pressville-post-grid__post-content\">\n\n                                                    <h3 class=\"lsvr-pressville-post-grid__post-title\">\n                                                        <a href=\"https:\/\/www.ayuntamiento-losmolinos.es\/?p=39906\" class=\"lsvr-pressville-post-grid__post-title-link\" rel=\"bookmark\">Semana Santa Los Molinos 2026<\/a>\n                                                    <\/h3>\n\n                                                    <p class=\"lsvr-pressville-post-grid__post-meta\">\n\n                                                        <span class=\"lsvr-pressville-post-grid__post-meta-date\" role=\"group\">25 de marzo de 2026<\/span>\n\n                                                        \n                                                            <span class=\"lsvr-pressville-post-grid__post-meta-categories\" role=\"group\">\n\t\t\t<span class=\"post__categories\">\n\t\t\t\tin <a href=\"https:\/\/www.ayuntamiento-losmolinos.es\/?cat=3\" class=\"post__category-link\">Actualidad<\/a>\t\t\t<\/span>\n\n\t\t<\/span>\n\n                                                        \n                                                    <\/p>\n\n                                                <\/div>\n\n                                                <a href=\"https:\/\/www.ayuntamiento-losmolinos.es\/?p=39906\" class=\"lsvr-pressville-post-grid__post-overlay-link\">\n                                                    <span class=\"screen-reader-text\">More<\/span>\n                                                <\/a>\n\n                                            <\/div>\n                                        <\/div>\n                                    <\/article>\n\n                                <\/div>\n\n                            \n                                <div class=\"lsvr-grid__col lsvr-grid__col--span-3 lsvr-grid__col--md-span-6 lsvr-grid__col--sm-span-6 lsvr-pressville-post-grid__item\">\n\n                                    <article class=\"lsvr-pressville-post-grid__post post-39869 post type-post status-publish format-standard has-post-thumbnail hentry category-actualidad category-comunicacion category-cultura category-medio-ambiente category-transparencia category-turismo tag-1470 tag-actividades tag-amarillo tag-ayuntamiento tag-cambrono tag-concurso tag-cultura tag-decoracion-2 tag-los-molinos tag-turismo\"                                         style=\"background-image: url( https:\/\/www.ayuntamiento-losmolinos.es\/wp-content\/uploads\/2026\/03\/CONCURSO_DECORACION_LOSMOLINOSAMARILLO.jpg );\">\n                                        <div class=\"lsvr-pressville-post-grid__post-inner\">\n                                            <div class=\"lsvr-pressville-post-grid__post-bg\">\n\n                                                <div class=\"lsvr-pressville-post-grid__post-content\">\n\n                                                    <h3 class=\"lsvr-pressville-post-grid__post-title\">\n                                                        <a href=\"https:\/\/www.ayuntamiento-losmolinos.es\/?p=39869\" class=\"lsvr-pressville-post-grid__post-title-link\" rel=\"bookmark\">Concurso de decoraci\u00f3n \u201cLos Molinos en Amarillo 2026\u201d<\/a>\n                                                    <\/h3>\n\n                                                    <p class=\"lsvr-pressville-post-grid__post-meta\">\n\n                                                        <span class=\"lsvr-pressville-post-grid__post-meta-date\" role=\"group\">11 de marzo de 2026<\/span>\n\n                                                        \n                                                            <span class=\"lsvr-pressville-post-grid__post-meta-categories\" role=\"group\">\n\t\t\t<span class=\"post__categories\">\n\t\t\t\tin <a href=\"https:\/\/www.ayuntamiento-losmolinos.es\/?cat=3\" class=\"post__category-link\">Actualidad<\/a>\t\t\t<\/span>\n\n\t\t<\/span>\n\n                                                        \n                                                    <\/p>\n\n                                                <\/div>\n\n                                                <a href=\"https:\/\/www.ayuntamiento-losmolinos.es\/?p=39869\" class=\"lsvr-pressville-post-grid__post-overlay-link\">\n                                                    <span class=\"screen-reader-text\">More<\/span>\n                                                <\/a>\n\n                                            <\/div>\n                                        <\/div>\n                                    <\/article>\n\n                                <\/div>\n\n                            \n                        <\/div>\n\n                        \n                            <button type=\"button\" class=\"c-arrow-button lsvr-pressville-post-grid__list-button lsvr-pressville-post-grid__list-button--prev\"\n                                aria-hidden=\"true\" title=\"Previous\">\n                                <span class=\"c-arrow-button__icon c-arrow-button__icon--left\" aria-hidden=\"true\"><\/span>\n                            <\/button>\n\n                            <button type=\"button\" class=\"c-arrow-button lsvr-pressville-post-grid__list-button lsvr-pressville-post-grid__list-button--next\"\n                                aria-hidden=\"true\" title=\"Next\">\n                                <span class=\"c-arrow-button__icon c-arrow-button__icon--right\" aria-hidden=\"true\"><\/span>\n                            <\/button>\n\n                        \n                    <\/div>\n\n                \n                \n                    <footer class=\"lsvr-pressville-post-grid__footer\">\n\n                        <p class=\"lsvr-pressville-post-grid__more lsvr-pressville-post-grid__more--bottom\">\n\n                            \n                                <a href=\"https:\/\/www.ayuntamiento-losmolinos.es\/?cat=29\" class=\"c-button lsvr-pressville-post-grid__more-link\">M\u00c1S NOTICIAS<\/a>\n\n                            \n                        <\/p>\n\n                    <\/footer>\n\n                \n            <\/div>\n        <\/div>\n    <\/div>\n<\/section>\n<!-- PRESSVILLE POSTS : end -->\n\n\n\n\n<div class=\"wp-block-stackable-text stk-block-text stk-block stk-9380991\" data-block-id=\"9380991\"><style>.stk-9380991 .stk-block-text__text{font-size:24px !important;}@media screen and (max-width: 1023px){.stk-9380991 .stk-block-text__text{font-size:24px !important;}}<\/style><p class=\"stk-block-text__text has-text-align-center\">Casa Museo Julio Escobar<\/p><\/div>\n\n\n\n<div class=\"wp-block-stackable-columns stk-block-columns stk-block stk-67c824e\" data-block-id=\"67c824e\"><div class=\"stk-row stk-inner-blocks stk-block-content stk-content-align stk-67c824e-column\">\n<div class=\"wp-block-stackable-column stk-block-column stk-column stk-block stk-5b6981c\" data-v=\"4\" data-block-id=\"5b6981c\"><div class=\"stk-column-wrapper stk-block-column__content stk-container stk-5b6981c-container stk--no-background stk--no-padding\"><div class=\"stk-block-content stk-inner-blocks stk-5b6981c-inner-blocks\">\n<p class=\"has-text-align-center\"><strong>Biograf\u00eda y obra de Julio Escobar<\/strong><\/p>\n\n\n\n<p>Nacido en Ar\u00e9valo (\u00c1vila ) en 1901 y fallecido en Los Molinos (Madrid) 1994. Julio Escobar, uno de cuyos primeros libros impresos, de corte autobiogr\u00e1fico e inici\u00e1tico en el terreno literario, fue \u00abNo supe por qu\u00e9\u00bb **(1926).<\/p>\n\n\n\n<p>Instalado en Madrid, donde desempe\u00f1\u00f3 varios oficios relacionados con el sector bancario y el de las artes gr\u00e1ficas, dedic\u00f3 buena parte de su tiempo a las letras, donde cobr\u00f3 fama en los a\u00f1os cincuenta y sesenta por una prosa castiza y tradicional que puso al servicio de novelas de corte social y ambientadas en el medio rural que tan bien conoc\u00eda.<\/p>\n\n\n\n<div class=\"wp-block-stackable-button-group stk-block-button-group stk-block stk-0796b06\" data-block-id=\"0796b06\"><div class=\"stk-row stk-inner-blocks stk-block-content stk-button-group\">\n<div class=\"wp-block-stackable-button stk-block-button stk-block stk-5b8233e\" data-block-id=\"5b8233e\"><style>.stk-5b8233e , .stk-5b8233e .stk-button{width:100% !important;}.stk-5b8233e {flex:1 0 var(--stk-button-group-flex-wrap, 0) !important;}<\/style><a class=\"stk-link stk-button stk--hover-effect-darken\" href=\"https:\/\/www.ayuntamiento-losmolinos.es\/wp-content\/uploads\/2018\/11\/JULIO_ESCOBAR_DEL_CUBO.pdf\" target=\"_blank\" rel=\"noreferrer noopener\"><span class=\"stk-button__inner-text\">Biograf\u00eda y obra<\/span><\/a><\/div>\n\n\n\n<div class=\"wp-block-stackable-button stk-block-button stk-block stk-40ade43\" data-block-id=\"40ade43\"><style>.stk-40ade43 , .stk-40ade43 .stk-button{width:100% !important;}.stk-40ade43 {flex:1 0 var(--stk-button-group-flex-wrap, 0) !important;}<\/style><a class=\"stk-link stk-button stk--hover-effect-darken\" href=\"https:\/\/www.ayuntamiento-losmolinos.es\/wp-content\/uploads\/2018\/11\/pregon_julio_escobar1.pdf\" target=\"_blank\" rel=\"noreferrer noopener\"><span class=\"stk-button__inner-text\">Preg\u00f3n<\/span><\/a><\/div>\n<\/div><\/div>\n\n\n\n<div class=\"wp-block-stackable-button-group stk-block-button-group stk-block stk-dc2c60e\" data-block-id=\"dc2c60e\"><div class=\"stk-row stk-inner-blocks stk-block-content stk-button-group\">\n<div class=\"wp-block-stackable-button stk-block-button stk-block stk-ebd873c\" data-block-id=\"ebd873c\"><style>.stk-ebd873c , .stk-ebd873c .stk-button{width:100% !important;}.stk-ebd873c {flex:1 0 var(--stk-button-group-flex-wrap, 0) !important;}<\/style><a class=\"stk-link stk-button stk--hover-effect-darken\" href=\"https:\/\/www.ayuntamiento-losmolinos.es\/wp-content\/uploads\/2018\/11\/ART_EL_VIENTO_NO_ENVEJECE.pdf\" target=\"_blank\" rel=\"noreferrer noopener\"><span class=\"stk-button__inner-text\">Art\u00edculo ABC<\/span><\/a><\/div>\n\n\n\n<div class=\"wp-block-stackable-button stk-block-button stk-block stk-e758f8e\" data-block-id=\"e758f8e\"><style>.stk-e758f8e , .stk-e758f8e .stk-button{width:100% !important;}.stk-e758f8e {flex:1 0 var(--stk-button-group-flex-wrap, 0) !important;}<\/style><a class=\"stk-link stk-button stk--hover-effect-darken\" href=\"https:\/\/www.ayuntamiento-losmolinos.es\/wp-content\/uploads\/2018\/11\/ART_LA_SOMBRA_DE_CAIN.pdf\" target=\"_blank\" rel=\"noreferrer noopener\"><span class=\"stk-button__inner-text\">Art\u00edculo ABC 2<\/span><\/a><\/div>\n<\/div><\/div>\n\n\n\n<!-- PRESSVILLE GALLERIES : begin -->\n<section class=\"lsvr-pressville-post-grid lsvr-pressville-post-grid--galleries lsvr-pressville-post-grid--layout-title-bg lsvr-pressville-post-grid--no-bg\"\n    >\n    <div class=\"lsvr-pressville-post-grid__inner\">\n        <div class=\"lsvr-container\">\n            <div class=\"lsvr-pressville-post-grid__content\">\n\n                \n                    <header class=\"lsvr-pressville-post-grid__header\">\n\n                        \n                            <h2 class=\"lsvr-pressville-post-grid__title\">Museo<\/h2>\n\n                        \n                        \n                        \n                        \n                    <\/header>\n\n                \n                \n                    <div class=\"lsvr-pressville-post-grid__list-wrapper\">\n\n                        <div class=\"lsvr-grid lsvr-grid--2-cols lsvr-grid--md-2-cols lsvr-grid--sm-2-cols lsvr-pressville-post-grid__list lsvr-pressville-post-grid__list--1-items\"\n                            data-columns-count=\"2\">\n\n                            \n                                <div class=\"lsvr-grid__col lsvr-grid__col--span-6 lsvr-grid__col--md-span-6 lsvr-grid__col--sm-span-6 lsvr-pressville-post-grid__item\">\n\n                                    <article class=\"lsvr-pressville-post-grid__post post-37237 lsvr_gallery type-lsvr_gallery status-publish has-post-thumbnail hentry lsvr_gallery_cat-inauguracion-museo\"                                         style=\"background-image: url( https:\/\/www.ayuntamiento-losmolinos.es\/wp-content\/uploads\/2018\/03\/Museo2015.jpg );\">\n                                        <div class=\"lsvr-pressville-post-grid__post-inner\">\n                                            <div class=\"lsvr-pressville-post-grid__post-bg\">\n\n                                                <div class=\"lsvr-pressville-post-grid__post-content\">\n\n                                                    <h3 class=\"lsvr-pressville-post-grid__post-title\">\n                                                        <a href=\"https:\/\/www.ayuntamiento-losmolinos.es\/?lsvr_gallery=inauguracion-casa-museo-julio-escobar\" class=\"lsvr-pressville-post-grid__post-title-link\" rel=\"bookmark\">Inauguraci\u00f3n Casa Museo Julio Escobar<\/a>\n                                                    <\/h3>\n\n                                                <\/div>\n\n                                                <p class=\"lsvr-pressville-post-grid__post-meta\">\n\n                                                    <span class=\"lsvr-pressville-post-grid__post-meta-date\" role=\"group\">24 de julio de 2024<\/span>\n\n                                                                                                            <span class=\"lsvr-pressville-post-grid__post-meta-categories\" role=\"group\">\n\t\t\t<span class=\"post__categories\">\n\t\t\t\tin <a href=\"https:\/\/www.ayuntamiento-losmolinos.es\/?lsvr_gallery_cat=inauguracion-museo\" class=\"post__category-link\">Inauguraci\u00f3n Museo<\/a>\t\t\t<\/span>\n\n\t\t<\/span>\n                                                    \n                                                    <span class=\"lsvr-pressville-post-grid__post-meta-images-count\">7 images<\/span>\n\n                                                <\/p>\n\n                                                <a href=\"https:\/\/www.ayuntamiento-losmolinos.es\/?lsvr_gallery=inauguracion-casa-museo-julio-escobar\" class=\"lsvr-pressville-post-grid__post-overlay-link\">\n                                                    <span class=\"screen-reader-text\">More<\/span>\n                                                <\/a>\n\n                                            <\/div>\n                                        <\/div>\n                                    <\/article>\n\n                                <\/div>\n\n                            \n                        <\/div>\n\n                        \n                    <\/div>\n\n                \n                \n            <\/div>\n        <\/div>\n    <\/div>\n<\/section>\n<!-- PRESSVILLE GALLERIES : end -->\n\n<\/div><\/div><\/div>\n\n\n\n<div class=\"wp-block-stackable-column stk-block-column stk-column stk-block stk-e51b0ed\" data-v=\"4\" data-block-id=\"e51b0ed\"><div class=\"stk-column-wrapper stk-block-column__content stk-container stk-e51b0ed-container stk--no-background stk--no-padding\"><div class=\"stk-block-content stk-inner-blocks stk-e51b0ed-inner-blocks\">\n<p class=\"has-text-align-center\"><strong>La Casa Museo Julio Escobar<\/strong><\/p>\n\n\n\n<p>Construida en los a\u00f1os 20 del siglo XX y denominada \u201cLas Angustias\u201d, Julio lo convertir\u00eda en su hogar los \u00faltimos seis a\u00f1os de su vida (desde 1988), cedi\u00e9ndolo en su testamento, muri\u00f3 en Los Molinos el 30 de julio de 1994, al Ayuntamiento de Los Molinos con el fin de que se pudiera convertir en espacio cultural y social para todos los molineros. Gracias a la rehabilitaci\u00f3n de este importante inmueble, finalmente en el 2011 fue inaugurado como Casa-Museo del municipio, comenzando con una SALA DE EXPOSICIONES, donde ya han presentado su obra m\u00e1s de cien artistas.<\/p>\n\n\n\n<ul class=\"wp-block-list\" data-block-type=\"core\">\n<li data-block-type=\"core\"><a href=\"https:\/\/www.ayuntamiento-losmolinos.es\/wp-content\/uploads\/2018\/11\/8.-EXPOSICI%C3%93N-INAUGURAL-CASA-MUSEO-EXPSO-AYMERICH.pdf\" target=\"_blank\" rel=\"noreferrer noopener\">Exposici\u00f3n inaugural C.M.J.E. 2011<\/a><\/li>\n<\/ul>\n\n\n\n<p>En 2017 se inaugura el Museo con las pertenencias y recuerdos de Julio Escobar y de su esposa Agrario Faura \u00c1lvarez Abreu y de su suegro el General Faura Gabiot cumpliendo la \u00faltima voluntad del escritor.<br>Muebles, libros, medallas, armas, cuadros; una extensa colecci\u00f3n de tinteros, otra de abanicos; objetos religiosos y de culto; pinturas y fotograf\u00edas ambientan las salas.<\/p>\n\n\n\n<ul class=\"wp-block-list\" data-block-type=\"core\">\n<li data-block-type=\"core\"><\/li>\n<\/ul>\n\n\n\n<figure class=\"wp-block-embed is-type-video is-provider-youtube wp-block-embed-youtube wp-embed-aspect-16-9 wp-has-aspect-ratio\"><div class=\"wp-block-embed__wrapper\">\n<iframe loading=\"lazy\" title=\"Casa Museo Julio Escobar\" width=\"500\" height=\"281\" src=\"https:\/\/www.youtube.com\/embed\/vWGZvDckCao?feature=oembed\" frameborder=\"0\" allow=\"accelerometer; autoplay; clipboard-write; encrypted-media; gyroscope; picture-in-picture; web-share\" referrerpolicy=\"strict-origin-when-cross-origin\" allowfullscreen><\/iframe>\n<\/div><\/figure>\n<\/div><\/div><\/div>\n<\/div><\/div>\n\n\n\n<div class=\"wp-block-stackable-text stk-block-text stk-block stk-afe5e16\" data-block-id=\"afe5e16\"><style>.stk-afe5e16 .stk-block-text__text{font-size:24px !important;}@media screen and (max-width: 1023px){.stk-afe5e16 .stk-block-text__text{font-size:24px !important;}}<\/style><p class=\"stk-block-text__text has-text-align-center\">Escuela de M\u00fasica y Danza<\/p><\/div>\n\n\n\n<div class=\"wp-block-stackable-columns stk-block-columns stk-block stk-6af2e99\" data-block-id=\"6af2e99\"><div class=\"stk-row stk-inner-blocks stk-block-content stk-content-align stk-6af2e99-column\">\n<div class=\"wp-block-stackable-column stk-block-column stk-column stk-block stk-ae9c28a\" data-v=\"4\" data-block-id=\"ae9c28a\"><style>@media screen and (min-width: 768px){.stk-ae9c28a {flex:var(--stk-flex-grow, 1) 1 calc(30% - var(--stk-column-gap, 0px) * 1 \/ 2 ) !important;}}<\/style><div class=\"stk-column-wrapper stk-block-column__content stk-container stk-ae9c28a-container stk--no-background stk--no-padding\"><div class=\"has-text-align-center stk-block-content stk-inner-blocks stk-ae9c28a-inner-blocks\">\n<figure class=\"wp-block-image size-full\" data-block-type=\"core\"><img loading=\"lazy\" decoding=\"async\" width=\"135\" height=\"177\" src=\"https:\/\/www.ayuntamiento-losmolinos.es\/wp-content\/uploads\/2018\/11\/escuela_de_musica_original.jpg\" alt=\"\" class=\"wp-image-3837\" srcset=\"https:\/\/www.ayuntamiento-losmolinos.es\/wp-content\/uploads\/2018\/11\/escuela_de_musica_original.jpg 135w, https:\/\/www.ayuntamiento-losmolinos.es\/wp-content\/uploads\/2018\/11\/escuela_de_musica_original-111x146.jpg 111w, https:\/\/www.ayuntamiento-losmolinos.es\/wp-content\/uploads\/2018\/11\/escuela_de_musica_original-38x50.jpg 38w, https:\/\/www.ayuntamiento-losmolinos.es\/wp-content\/uploads\/2018\/11\/escuela_de_musica_original-57x75.jpg 57w\" sizes=\"auto, (max-width: 135px) 100vw, 135px\" \/><\/figure>\n\n\n\n<h4 class=\"wp-block-heading\" data-block-type=\"core\">Info Escuela de M\u00fasica<\/h4>\n\n\n\n<p>C\/ Real, 8 Los Molinos<br>escuelademusica@ayuntamiento-losmolinos.es<br>Tel\u00e9fono: 652 916 985<\/p>\n\n\n\n<div class=\"wp-block-stackable-columns stk-block-columns stk-block stk-4070a28\" data-block-id=\"4070a28\"><div class=\"stk-row stk-inner-blocks stk-block-content stk-content-align stk-4070a28-column\">\n<div class=\"wp-block-stackable-column stk-block-column stk-column stk-block stk-bbef5ee\" data-v=\"4\" data-block-id=\"bbef5ee\"><div class=\"stk-column-wrapper stk-block-column__content stk-container stk-bbef5ee-container stk--no-background stk--no-padding\"><div class=\"stk-block-content stk-inner-blocks stk-bbef5ee-inner-blocks\">\n<a href=\"\/wp-content\/uploads\/2024\/09\/INSTANCIA-EMMD-2024-2025.pdf\"\n    class=\"lsvr-button lsvr-button--medium\"\n     target=\"_blank\"    >\n    MATR\u00cdCULA<\/a>\n\n<\/div><\/div><\/div>\n\n\n\n<div class=\"wp-block-stackable-column stk-block-column stk-column stk-block stk-dbe71f2\" data-v=\"4\" data-block-id=\"dbe71f2\"><div class=\"stk-column-wrapper stk-block-column__content stk-container stk-dbe71f2-container stk--no-background stk--no-padding\"><div class=\"stk-block-content stk-inner-blocks stk-dbe71f2-inner-blocks\">\n<a href=\"https:\/\/sede.ayuntamiento-losmolinos.es\/documentos\/0A1EC7D6D262BF4F8E506DD282A8B547.pdf\"\n    class=\"lsvr-button lsvr-button--medium\"\n     target=\"_blank\"    >\n    PRECIOS P\u00daBLICOS<\/a>\n\n<\/div><\/div><\/div>\n<\/div><\/div>\n<\/div><\/div><\/div>\n\n\n\n<div class=\"wp-block-stackable-column stk-block-column stk-column stk-block stk-ca3f66b\" data-v=\"4\" data-block-id=\"ca3f66b\"><style>@media screen and (min-width: 768px){.stk-ca3f66b {flex:var(--stk-flex-grow, 1) 1 calc(70% - var(--stk-column-gap, 0px) * 1 \/ 2 ) !important;}}<\/style><div class=\"stk-column-wrapper stk-block-column__content stk-container stk-ca3f66b-container stk--no-background stk--no-padding\"><div class=\"stk-block-content stk-inner-blocks stk-ca3f66b-inner-blocks\">\n<div class=\"wp-block-stackable-horizontal-scroller stk-block-horizontal-scroller stk-block stk-6533223\" data-block-id=\"6533223\"><div class=\"stk-row stk-inner-blocks stk-block-content stk-content-align stk-6533223-horizontal-scroller\">\n<div class=\"wp-block-stackable-column stk-block-column stk-column stk-block stk-67aca26\" data-v=\"4\" data-block-id=\"67aca26\"><div class=\"stk-column-wrapper stk-block-column__content stk-container stk-67aca26-container stk--no-background stk--no-padding\"><div class=\"stk-block-content stk-inner-blocks stk-67aca26-inner-blocks\">\n<div class=\"wp-block-stackable-image stk-block-image stk-block stk-c203571\" data-block-id=\"c203571\"><figure><span class=\"stk-img-wrapper stk-image--shape-stretch stk--has-lightbox\"><img loading=\"lazy\" decoding=\"async\" class=\"stk-img wp-image-39285\" src=\"https:\/\/www.ayuntamiento-losmolinos.es\/wp-content\/uploads\/2025\/09\/ESCUELA-DE-MUSICA-2025-2026.jpg\" width=\"1414\" height=\"2000\"\/><\/span><\/figure><\/div>\n<\/div><\/div><\/div>\n<\/div><\/div>\n<\/div><\/div><\/div>\n<\/div><\/div>\n\n\n\n<div class=\"wp-block-stackable-text stk-block-text stk-block stk-c2cbd50\" data-block-id=\"c2cbd50\"><style>.stk-c2cbd50 .stk-block-text__text{font-size:24px !important;}@media screen and (max-width: 1023px){.stk-c2cbd50 .stk-block-text__text{font-size:24px !important;}}<\/style><p class=\"stk-block-text__text has-text-align-center\">Concursos 2025<\/p><\/div>\n\n\n\n<div class=\"wp-block-stackable-columns stk-block-columns stk-block stk-28a6125\" data-block-id=\"28a6125\"><div class=\"stk-row stk-inner-blocks stk-block-content stk-content-align stk-28a6125-column\">\n<div class=\"wp-block-stackable-column stk-block-column stk-column stk-block stk-05a58a0\" data-v=\"4\" data-block-id=\"05a58a0\"><style>@media screen and (min-width: 768px){.stk-05a58a0 {flex:var(--stk-flex-grow, 1) 1 25% !important;}}<\/style><div class=\"stk-column-wrapper stk-block-column__content stk-container stk-05a58a0-container stk--no-background stk--no-padding\"><div class=\"stk-block-content stk-inner-blocks stk-05a58a0-inner-blocks\"><\/div><\/div><\/div>\n\n\n\n<div class=\"wp-block-stackable-column stk-block-column stk-column stk-block stk-501ce3d\" data-v=\"4\" data-block-id=\"501ce3d\"><style>@media screen and (min-width: 768px){.stk-501ce3d {flex:var(--stk-flex-grow, 1) 1 25% !important;}}<\/style><div class=\"stk-column-wrapper stk-block-column__content stk-container stk-501ce3d-container stk--no-background stk--no-padding\"><div class=\"stk-block-content stk-inner-blocks stk-501ce3d-inner-blocks\"><\/div><\/div><\/div>\n\n\n\n<div class=\"wp-block-stackable-column stk-block-column stk-column stk-block stk-34841d1\" data-v=\"4\" data-block-id=\"34841d1\"><style>@media screen and (min-width: 768px){.stk-34841d1 {flex:var(--stk-flex-grow, 1) 1 25% !important;}}<\/style><div class=\"stk-column-wrapper stk-block-column__content stk-container stk-34841d1-container stk--no-background stk--no-padding\"><div class=\"stk-block-content stk-inner-blocks stk-34841d1-inner-blocks\"><\/div><\/div><\/div>\n\n\n\n<div class=\"wp-block-stackable-column stk-block-column stk-column stk-block stk-b2630c8\" data-v=\"4\" data-block-id=\"b2630c8\"><style>@media screen and (min-width: 768px){.stk-b2630c8 {flex:var(--stk-flex-grow, 1) 1 25% !important;}}<\/style><div class=\"stk-column-wrapper stk-block-column__content stk-container stk-b2630c8-container stk--no-background stk--no-padding\"><div class=\"stk-block-content stk-inner-blocks stk-b2630c8-inner-blocks\"><\/div><\/div><\/div>\n<\/div><\/div>\n\n\n\n<div class=\"wp-block-stackable-text stk-block-text stk-block stk-a83c15b\" data-block-id=\"a83c15b\"><style>.stk-a83c15b .stk-block-text__text{font-size:24px !important;}@media screen and (max-width: 1023px){.stk-a83c15b .stk-block-text__text{font-size:24px !important;}}<\/style><p class=\"stk-block-text__text has-text-align-center\">Cursos y Talleres<\/p><\/div>\n\n\n\n<div class=\"wp-block-stackable-text stk-block-text stk-block stk-aa5e750\" data-block-id=\"aa5e750\"><style>.stk-aa5e750 .stk-block-text__text{font-size:24px !important;}@media screen and (max-width: 1023px){.stk-aa5e750 .stk-block-text__text{font-size:24px !important;}}<\/style><p class=\"stk-block-text__text has-text-align-center\">Revista Despierta Los Molinos<\/p><\/div>\n\n\n\n<div class=\"wp-block-stackable-columns stk-block-columns stk-block stk-efde297\" data-block-id=\"efde297\"><div class=\"stk-row stk-inner-blocks stk-block-content stk-content-align stk-efde297-column\">\n<div class=\"wp-block-stackable-column stk-block-column stk-column stk-block stk-f96cf1b\" data-v=\"4\" data-block-id=\"f96cf1b\"><div class=\"stk-column-wrapper stk-block-column__content stk-container stk-f96cf1b-container stk--no-background stk--no-padding\"><div class=\"stk-block-content stk-inner-blocks stk-f96cf1b-inner-blocks\">\n<div class=\"wp-block-stackable-card stk-block-card stk-block stk-e8ab768 is-style-default\" data-v=\"2\" data-block-id=\"e8ab768\"><div class=\"stk--no-padding stk-container stk-e8ab768-container stk-hover-parent\"><figure class=\"stk-block-card__image stk-img-wrapper stk-image--shape-stretch\"><img loading=\"lazy\" decoding=\"async\" class=\"stk-img wp-image-10628\" src=\"https:\/\/www.ayuntamiento-losmolinos.es\/wp-content\/uploads\/2018\/12\/revistaDespierta.jpg\" width=\"574\" height=\"811\" srcset=\"https:\/\/www.ayuntamiento-losmolinos.es\/wp-content\/uploads\/2018\/12\/revistaDespierta.jpg 574w, https:\/\/www.ayuntamiento-losmolinos.es\/wp-content\/uploads\/2018\/12\/revistaDespierta-212x300.jpg 212w, https:\/\/www.ayuntamiento-losmolinos.es\/wp-content\/uploads\/2018\/12\/revistaDespierta-103x146.jpg 103w, https:\/\/www.ayuntamiento-losmolinos.es\/wp-content\/uploads\/2018\/12\/revistaDespierta-35x50.jpg 35w, https:\/\/www.ayuntamiento-losmolinos.es\/wp-content\/uploads\/2018\/12\/revistaDespierta-53x75.jpg 53w\" sizes=\"auto, (max-width: 574px) 100vw, 574px\" \/><\/figure><div class=\"stk-container-padding stk-block-card__content\"><div class=\"stk-block-content stk-inner-blocks stk-e8ab768-inner-blocks\">\n<div class=\"wp-block-stackable-button-group stk-block-button-group stk-block stk-ecd7065\" data-block-id=\"ecd7065\"><div class=\"stk-row stk-inner-blocks stk-block-content stk-button-group\">\n<div class=\"wp-block-stackable-button stk-block-button has-text-align-center stk-block stk-021eecf\" data-block-id=\"021eecf\"><style>.stk-021eecf , .stk-021eecf .stk-button{width:100% !important;}.stk-021eecf {flex:1 0 var(--stk-button-group-flex-wrap, 0) !important;}<\/style><a class=\"stk-link stk-button stk--hover-effect-darken\" href=\"https:\/\/www.ayuntamiento-losmolinos.es\/wp-content\/uploads\/2018\/11\/Despierta_n1diciembre2017.pdf\" target=\"_blank\" rel=\"noreferrer noopener\"><span class=\"stk-button__inner-text\">N\u00ba 1 dic 2017<\/span><\/a><\/div>\n<\/div><\/div>\n<\/div><\/div><\/div><\/div>\n\n\n\n<p><\/p>\n<\/div><\/div><\/div>\n\n\n\n<div class=\"wp-block-stackable-column stk-block-column stk-column stk-block stk-4dad3db\" data-v=\"4\" data-block-id=\"4dad3db\"><div class=\"stk-column-wrapper stk-block-column__content stk-container stk-4dad3db-container stk--no-background stk--no-padding\"><div class=\"stk-block-content stk-inner-blocks stk-4dad3db-inner-blocks\">\n<div class=\"wp-block-stackable-card stk-block-card stk-block stk-72c5fcc is-style-default\" data-v=\"2\" data-block-id=\"72c5fcc\"><div class=\"stk--no-padding stk-container stk-72c5fcc-container stk-hover-parent\"><figure class=\"stk-block-card__image stk-img-wrapper stk-image--shape-stretch\"><img loading=\"lazy\" decoding=\"async\" class=\"stk-img wp-image-16119\" src=\"https:\/\/www.ayuntamiento-losmolinos.es\/wp-content\/uploads\/2020\/11\/Revista-Despierta-marzo-2018.jpg\" width=\"595\" height=\"840\" srcset=\"https:\/\/www.ayuntamiento-losmolinos.es\/wp-content\/uploads\/2020\/11\/Revista-Despierta-marzo-2018.jpg 595w, https:\/\/www.ayuntamiento-losmolinos.es\/wp-content\/uploads\/2020\/11\/Revista-Despierta-marzo-2018-213x300.jpg 213w, https:\/\/www.ayuntamiento-losmolinos.es\/wp-content\/uploads\/2020\/11\/Revista-Despierta-marzo-2018-103x146.jpg 103w, https:\/\/www.ayuntamiento-losmolinos.es\/wp-content\/uploads\/2020\/11\/Revista-Despierta-marzo-2018-35x50.jpg 35w, https:\/\/www.ayuntamiento-losmolinos.es\/wp-content\/uploads\/2020\/11\/Revista-Despierta-marzo-2018-53x75.jpg 53w\" sizes=\"auto, (max-width: 595px) 100vw, 595px\" \/><\/figure><div class=\"stk-container-padding stk-block-card__content\"><div class=\"stk-block-content stk-inner-blocks stk-72c5fcc-inner-blocks\">\n<div class=\"wp-block-stackable-button-group stk-block-button-group stk-block stk-cd6ea85\" data-block-id=\"cd6ea85\"><div class=\"stk-row stk-inner-blocks stk-block-content stk-button-group\">\n<div class=\"wp-block-stackable-button stk-block-button has-text-align-center stk-block stk-f487007\" data-block-id=\"f487007\"><style>.stk-f487007 , .stk-f487007 .stk-button{width:100% !important;}.stk-f487007 {flex:1 0 var(--stk-button-group-flex-wrap, 0) !important;}<\/style><a class=\"stk-link stk-button stk--hover-effect-darken\" href=\"https:\/\/www.ayuntamiento-losmolinos.es\/wp-content\/uploads\/2018\/11\/n2despierta.pdf\" target=\"_blank\" rel=\"noreferrer noopener\"><span class=\"stk-button__inner-text\">N\u00ba 2 mar 2018<\/span><\/a><\/div>\n<\/div><\/div>\n<\/div><\/div><\/div><\/div>\n\n\n\n<p><\/p>\n<\/div><\/div><\/div>\n\n\n\n<div class=\"wp-block-stackable-column stk-block-column stk-column stk-block stk-f07e2eb\" data-v=\"4\" data-block-id=\"f07e2eb\"><div class=\"stk-column-wrapper stk-block-column__content stk-container stk-f07e2eb-container stk--no-background stk--no-padding\"><div class=\"stk-block-content stk-inner-blocks stk-f07e2eb-inner-blocks\">\n<div class=\"wp-block-stackable-card stk-block-card stk-block stk-d50909a is-style-default\" data-v=\"2\" data-block-id=\"d50909a\"><div class=\"stk--no-padding stk-container stk-d50909a-container stk-hover-parent\"><figure class=\"stk-block-card__image stk-img-wrapper stk-image--shape-stretch\"><img loading=\"lazy\" decoding=\"async\" class=\"stk-img wp-image-16120\" src=\"https:\/\/www.ayuntamiento-losmolinos.es\/wp-content\/uploads\/2020\/11\/Revista-Despierta-junio-2018.jpg\" width=\"488\" height=\"688\" srcset=\"https:\/\/www.ayuntamiento-losmolinos.es\/wp-content\/uploads\/2020\/11\/Revista-Despierta-junio-2018.jpg 488w, https:\/\/www.ayuntamiento-losmolinos.es\/wp-content\/uploads\/2020\/11\/Revista-Despierta-junio-2018-213x300.jpg 213w, https:\/\/www.ayuntamiento-losmolinos.es\/wp-content\/uploads\/2020\/11\/Revista-Despierta-junio-2018-104x146.jpg 104w, https:\/\/www.ayuntamiento-losmolinos.es\/wp-content\/uploads\/2020\/11\/Revista-Despierta-junio-2018-35x50.jpg 35w, https:\/\/www.ayuntamiento-losmolinos.es\/wp-content\/uploads\/2020\/11\/Revista-Despierta-junio-2018-53x75.jpg 53w\" sizes=\"auto, (max-width: 488px) 100vw, 488px\" \/><\/figure><div class=\"stk-container-padding stk-block-card__content\"><div class=\"stk-block-content stk-inner-blocks stk-d50909a-inner-blocks\">\n<div class=\"wp-block-stackable-button-group stk-block-button-group stk-block stk-d1e288b\" data-block-id=\"d1e288b\"><div class=\"stk-row stk-inner-blocks stk-block-content stk-button-group\">\n<div class=\"wp-block-stackable-button stk-block-button has-text-align-center stk-block stk-d7ef99f\" data-block-id=\"d7ef99f\"><style>.stk-d7ef99f , .stk-d7ef99f .stk-button{width:100% !important;}.stk-d7ef99f {flex:1 0 var(--stk-button-group-flex-wrap, 0) !important;}<\/style><a class=\"stk-link stk-button stk--hover-effect-darken\" href=\"https:\/\/www.ayuntamiento-losmolinos.es\/wp-content\/uploads\/2018\/11\/DLM3-PORTADAcompressed.pdf\" target=\"_blank\" rel=\"noreferrer noopener\"><span class=\"stk-button__inner-text\">N\u00ba 3 jun 2018<\/span><\/a><\/div>\n<\/div><\/div>\n\n\n\n<p><\/p>\n<\/div><\/div><\/div><\/div>\n<\/div><\/div><\/div>\n\n\n\n<div class=\"wp-block-stackable-column stk-block-column stk-column stk-block stk-f813319\" data-v=\"4\" data-block-id=\"f813319\"><div class=\"stk-column-wrapper stk-block-column__content stk-container stk-f813319-container stk--no-background stk--no-padding\"><div class=\"stk-block-content stk-inner-blocks stk-f813319-inner-blocks\">\n<div class=\"wp-block-stackable-card stk-block-card stk-block stk-01e9adc is-style-default\" data-v=\"2\" data-block-id=\"01e9adc\"><div class=\"stk--no-padding stk-container stk-01e9adc-container stk-hover-parent\"><figure class=\"stk-block-card__image stk-img-wrapper stk-image--shape-stretch\"><img loading=\"lazy\" decoding=\"async\" class=\"stk-img wp-image-13024\" src=\"https:\/\/www.ayuntamiento-losmolinos.es\/wp-content\/uploads\/2019\/11\/revista4.png\" width=\"642\" height=\"906\" srcset=\"https:\/\/www.ayuntamiento-losmolinos.es\/wp-content\/uploads\/2019\/11\/revista4.png 642w, https:\/\/www.ayuntamiento-losmolinos.es\/wp-content\/uploads\/2019\/11\/revista4-213x300.png 213w, https:\/\/www.ayuntamiento-losmolinos.es\/wp-content\/uploads\/2019\/11\/revista4-103x146.png 103w, https:\/\/www.ayuntamiento-losmolinos.es\/wp-content\/uploads\/2019\/11\/revista4-35x50.png 35w, https:\/\/www.ayuntamiento-losmolinos.es\/wp-content\/uploads\/2019\/11\/revista4-53x75.png 53w\" sizes=\"auto, (max-width: 642px) 100vw, 642px\" \/><\/figure><div class=\"stk-container-padding stk-block-card__content\"><div class=\"stk-block-content stk-inner-blocks stk-01e9adc-inner-blocks\">\n<div class=\"wp-block-stackable-button-group stk-block-button-group stk-block stk-569003e\" data-block-id=\"569003e\"><div class=\"stk-row stk-inner-blocks stk-block-content stk-button-group\">\n<div class=\"wp-block-stackable-button stk-block-button has-text-align-center stk-block stk-aba2667\" data-block-id=\"aba2667\"><style>.stk-aba2667 , .stk-aba2667 .stk-button{width:100% !important;}.stk-aba2667 {flex:1 0 var(--stk-button-group-flex-wrap, 0) !important;}<\/style><a class=\"stk-link stk-button stk--hover-effect-darken\" href=\"https:\/\/www.ayuntamiento-losmolinos.es\/wp-content\/uploads\/2019\/11\/Revista-Despierta-Los-Molinos-septiembre-2019-v2.pdf\" target=\"_blank\" rel=\"noreferrer noopener\"><span class=\"stk-button__inner-text\">N\u00ba 4 oct 2019<\/span><\/a><\/div>\n<\/div><\/div>\n\n\n\n<p><\/p>\n<\/div><\/div><\/div><\/div>\n<\/div><\/div><\/div>\n\n\n\n<div class=\"wp-block-stackable-column stk-block-column stk-column stk-block stk-6e6a4f3\" data-v=\"4\" data-block-id=\"6e6a4f3\"><div class=\"stk-column-wrapper stk-block-column__content stk-container stk-6e6a4f3-container stk--no-background stk--no-padding\"><div class=\"stk-block-content stk-inner-blocks stk-6e6a4f3-inner-blocks\">\n<figure class=\"wp-block-image size-full\" data-block-type=\"core\"><img loading=\"lazy\" decoding=\"async\" width=\"479\" height=\"675\" src=\"https:\/\/www.ayuntamiento-losmolinos.es\/wp-content\/uploads\/2020\/11\/Revista-Despierta-Enero-2020.jpg\" alt=\"\" class=\"wp-image-16118\" srcset=\"https:\/\/www.ayuntamiento-losmolinos.es\/wp-content\/uploads\/2020\/11\/Revista-Despierta-Enero-2020.jpg 479w, https:\/\/www.ayuntamiento-losmolinos.es\/wp-content\/uploads\/2020\/11\/Revista-Despierta-Enero-2020-213x300.jpg 213w, https:\/\/www.ayuntamiento-losmolinos.es\/wp-content\/uploads\/2020\/11\/Revista-Despierta-Enero-2020-104x146.jpg 104w, https:\/\/www.ayuntamiento-losmolinos.es\/wp-content\/uploads\/2020\/11\/Revista-Despierta-Enero-2020-35x50.jpg 35w, https:\/\/www.ayuntamiento-losmolinos.es\/wp-content\/uploads\/2020\/11\/Revista-Despierta-Enero-2020-53x75.jpg 53w\" sizes=\"auto, (max-width: 479px) 100vw, 479px\" \/><\/figure>\n\n\n\n<div class=\"wp-block-stackable-button-group stk-block-button-group stk-block stk-cdae2b4\" data-block-id=\"cdae2b4\"><div class=\"stk-row stk-inner-blocks stk-block-content stk-button-group\">\n<div class=\"wp-block-stackable-button stk-block-button has-text-align-center stk-block stk-f35ebef stk--has-lightbox\" data-block-id=\"f35ebef\"><style>.stk-f35ebef , .stk-f35ebef .stk-button{width:100% !important;}.stk-f35ebef {flex:1 0 var(--stk-button-group-flex-wrap, 0) !important;}<\/style><a class=\"stk-link stk-button stk--hover-effect-darken\" href=\"https:\/\/www.ayuntamiento-losmolinos.es\/wp-content\/uploads\/2020\/02\/Revista-Despierta-Los-Molinos-enero-2020.pdf\" target=\"_blank\" rel=\"noreferrer noopener\"><span class=\"stk-button__inner-text\">N\u00ba 5 feb 2020<\/span><\/a><\/div>\n<\/div><\/div>\n<\/div><\/div><\/div>\n<\/div><\/div>\n","protected":false},"excerpt":{"rendered":"<p>Casa Museo Julio Escobar Biograf\u00eda y obra de Julio Escobar Nacido en Ar\u00e9valo (\u00c1vila ) en 1901 y fallecido en Los Molinos (Madrid) 1994. Julio Escobar, uno de cuyos primeros libros impresos, de corte autobiogr\u00e1fico e inici\u00e1tico en el terreno literario, fue \u00abNo supe por qu\u00e9\u00bb **(1926). Instalado en Madrid, donde desempe\u00f1\u00f3 varios oficios relacionados [&hellip;]<\/p>\n","protected":false},"author":1,"featured_media":0,"parent":0,"menu_order":0,"comment_status":"closed","ping_status":"closed","template":"","meta":{"_coblocks_attr":"","_coblocks_dimensions":"{\"coblocks-hero-617145227495\":{\"padding\":{}}}","_coblocks_responsive_height":"","_coblocks_accordion_ie_support":"","footnotes":""},"class_list":["post-36662","page","type-page","status-publish","hentry"],"_links":{"self":[{"href":"https:\/\/www.ayuntamiento-losmolinos.es\/index.php?rest_route=\/wp\/v2\/pages\/36662","targetHints":{"allow":["GET"]}}],"collection":[{"href":"https:\/\/www.ayuntamiento-losmolinos.es\/index.php?rest_route=\/wp\/v2\/pages"}],"about":[{"href":"https:\/\/www.ayuntamiento-losmolinos.es\/index.php?rest_route=\/wp\/v2\/types\/page"}],"author":[{"embeddable":true,"href":"https:\/\/www.ayuntamiento-losmolinos.es\/index.php?rest_route=\/wp\/v2\/users\/1"}],"replies":[{"embeddable":true,"href":"https:\/\/www.ayuntamiento-losmolinos.es\/index.php?rest_route=%2Fwp%2Fv2%2Fcomments&post=36662"}],"version-history":[{"count":58,"href":"https:\/\/www.ayuntamiento-losmolinos.es\/index.php?rest_route=\/wp\/v2\/pages\/36662\/revisions"}],"predecessor-version":[{"id":39316,"href":"https:\/\/www.ayuntamiento-losmolinos.es\/index.php?rest_route=\/wp\/v2\/pages\/36662\/revisions\/39316"}],"wp:attachment":[{"href":"https:\/\/www.ayuntamiento-losmolinos.es\/index.php?rest_route=%2Fwp%2Fv2%2Fmedia&parent=36662"}],"curies":[{"name":"wp","href":"https:\/\/api.w.org\/{rel}","templated":true}]}}